{"version":"1.0","provider_name":"Egyedi k\u00e9zm\u0171ves term\u00e9kek","provider_url":"https:\/\/szeretettelneked.cafeblog.hu","author_name":"Ibolya Dekor","author_url":"https:\/\/szeretettelneked.cafeblog.hu\/author\/ibolya_kezmuves_muhely\/","title":"\"Vadr\u00f3zsa\" szem\u00fcvegtok","html":"<h1>\"Vadr\u00f3zsa\" szem\u00fcvegtok<\/h1>\r\n[caption id=\"attachment_228\" align=\"alignnone\" width=\"368\"]<a href=\"https:\/\/szeretettelneked.cafeblog.hu\/files\/2016\/06\/14-1.jpg\"><img class=\"size-large wp-image-228\" src=\"https:\/\/szeretettelneked.cafeblog.hu\/files\/2016\/06\/14-1-368x600.jpg\" alt=\"&quot;Vadr\u00f3zsa&quot; szem\u00fcvegtok\" width=\"368\" height=\"600\" \/><\/a> \"Vadr\u00f3zsa\" szem\u00fcvegtok[\/caption]\r\n<p><strong>Term\u00e9k megnevez\u00e9se:<\/strong>\u00a0\"Vadr\u00f3zsa\" szem\u00fcvegtok<\/p>\r\n<p style=\"text-align: justify\"><strong>A term\u00e9k sorsz\u00e1ma<\/strong>\u00a0(megrendel\u00e9skor felt\u00fcntetend\u0151): 14.<\/p>\r\n<p style=\"text-align: justify\"><strong>Le\u00edr\u00e1sa:<\/strong> Anyaga farmer, melyet pamut csipke, \u00e9s az elej\u00e9n szalagh\u00edmz\u00e9ssel k\u00e9sz\u00fclt vadr\u00f3zsa mot\u00edvum d\u00edsz\u00edt. Puha b\u00e9l\u00e9se vir\u00e1gmint\u00e1s pamutv\u00e1szonb\u00f3l k\u00e9sz\u00fclt.<\/p>\r\n<p style=\"text-align: justify\"><strong>M\u00e9retei:\u00a0<\/strong>17 x 9 cm<\/p>\r\n<p style=\"text-align: justify\"><strong>A szett \u00e1ra:<\/strong>\u00a01990 Ft + postak\u00f6lts\u00e9g<\/p>\r\n<p style=\"text-align: justify\">\u00a0<\/p>\r\n<p style=\"text-align: justify\"><strong>Sz\u00e1ll\u00edt\u00e1si hat\u00e1rid\u0151: 5 munkanap<\/strong><\/p>\r\n<p style=\"text-align: justify\"><strong>Fizet\u00e9si m\u00f3d: postai ut\u00e1nv\u00e9tel<\/strong><\/p>\r\n<p style=\"text-align: justify\">Ha meg szeretn\u00e9 rendelni a term\u00e9ket, k\u00e9rj\u00fck, k\u00fcldj\u00f6n e-mailt a varronod@gmail.com e-mail c\u00edmre, vagy itt, a komment r\u00e9szben jelezheti fel\u00e9nk v\u00e1s\u00e1rl\u00e1si sz\u00e1nd\u00e9k\u00e1t.<\/p>\r\n<p style=\"text-align: justify\">A megrendel\u00e9st \u00e9s sz\u00e1ll\u00edt\u00e1st megk\u00f6nny\u00edt\u0151 felt\u00e9telek kidolgoz\u00e1sa folyamatban van, hamarosan lehet\u0151s\u00e9ge lesz web\u00e1ruh\u00e1zon kereszt\u00fcl is v\u00e1s\u00e1rolni. B\u0151vebben err\u0151l a \u201cMegrendel\u00e9s\u201d oldalunkon olvashat.<\/p>","type":"rich","thumbnail_url":"https:\/\/szeretettelneked.cafeblog.hu\/files\/2016\/06\/14-1-150x150.jpg","thumbnail_width":150,"thumbnail_height":150}